{"id":1493,"date":"2022-05-10T06:41:40","date_gmt":"2022-05-10T06:41:40","guid":{"rendered":"https:\/\/gradienskft.com\/products\/"},"modified":"2022-05-11T06:55:44","modified_gmt":"2022-05-11T06:55:44","slug":"products","status":"publish","type":"page","link":"https:\/\/gradienskft.hu\/en\/products\/","title":{"rendered":"Products"},"content":{"rendered":"<p>What type of product do I need? <\/p>\n<ul>\n<li>\n\t\t\t\t\t<a href=\"https:\/\/gradienskft.com\/en\/medical-product\/\"><br \/>\n\t\t\t\t\t\t\t\t\t\tMedical products<br \/>\n\t\t\t\t\t\t\t\t\t\t\t<\/a>\n\t\t\t\t\t\t\t\t\t<\/li>\n<li>\n\t\t\t\t\t<a href=\"https:\/\/gradienskft.com\/en\/food-supplement\/\"><br \/>\n\t\t\t\t\t\t\t\t\t\tFood supplements<br \/>\n\t\t\t\t\t\t\t\t\t\t\t<\/a>\n\t\t\t\t\t\t\t\t\t<\/li>\n<li>\n\t\t\t\t\t<a href=\"https:\/\/gradienskft.com\/en\/cosmetic-product\/\"><br \/>\n\t\t\t\t\t\t\t\t\t\tCosmetic products<br \/>\n\t\t\t\t\t\t\t\t\t\t\t<\/a>\n\t\t\t\t\t\t\t\t\t<\/li>\n<li>\n\t\t\t\t\t<a href=\"https:\/\/gradienskft.com\/en\/cbd-cosmetic-range\/\"><br \/>\n\t\t\t\t\t\t\t\t\t\tCBD Cosmetics<br \/>\n\t\t\t\t\t\t\t\t\t\t\t<\/a>\n\t\t\t\t\t\t\t\t\t<\/li>\n<li>\n\t\t\t\t\t<a href=\"https:\/\/gradienskft.com\/en\/disinfectants\/\"><br \/>\n\t\t\t\t\t\t\t\t\t\tDisinfectants<br \/>\n\t\t\t\t\t\t\t\t\t\t\t<\/a>\n\t\t\t\t\t\t\t\t\t<\/li>\n<\/ul>\n<ul>\n<li>\n\t\t<a href=\"https:\/\/gradienskft.com\/termek\/acne-herbal-oldat\/\"><img width=\"324\" height=\"530\" src=\"https:\/\/gradienskft.com\/wp-content\/uploads\/2020\/07\/Acne-herbal-324x530.jpg\" alt=\"\" loading=\"lazy\" srcset=\"https:\/\/gradienskft.com\/wp-content\/uploads\/2020\/07\/Acne-herbal-324x530.jpg 324w, https:\/\/gradienskft.com\/wp-content\/uploads\/2020\/07\/Acne-herbal-183x300.jpg 183w, https:\/\/gradienskft.com\/wp-content\/uploads\/2020\/07\/Acne-herbal-768x1257.jpg 768w, https:\/\/gradienskft.com\/wp-content\/uploads\/2020\/07\/Acne-herbal-626x1024.jpg 626w, https:\/\/gradienskft.com\/wp-content\/uploads\/2020\/07\/Acne-herbal-416x681.jpg 416w, https:\/\/gradienskft.com\/wp-content\/uploads\/2020\/07\/Acne-herbal.jpg 1210w\" sizes=\"(max-width: 324px) 100vw, 324px\" \/><\/a><br \/>\n\t\t\t\tGy\u00f3gyterm\u00e9k<br \/>\n\t\t\t<a href=\"https:\/\/gradienskft.com\/termek\/acne-herbal-oldat\/\"><\/p>\n<h2>Acne herbal oldat<\/h2>\n<p><\/a><br \/>\n\t<bdi>1 290&nbsp;&#70;&#116;<\/bdi><br \/>\n<a href=\"?add-to-cart=764\" data-quantity=\"1\" data-product_id=\"764\" data-product_sku=\"\" aria-label=\"&ldquo;Acne herbal oldat&rdquo; kos\u00e1rba helyez\u00e9se\" rel=\"nofollow\">Kos\u00e1rba teszem<\/a>\n<\/li>\n<li>\n\t\t<a href=\"https:\/\/gradienskft.com\/termek\/bronchovit-kapszula\/\"><img width=\"324\" height=\"514\" src=\"https:\/\/gradienskft.com\/wp-content\/uploads\/2020\/07\/Bronchovit-324x514.jpg\" alt=\"\" loading=\"lazy\" srcset=\"https:\/\/gradienskft.com\/wp-content\/uploads\/2020\/07\/Bronchovit-324x514.jpg 324w, https:\/\/gradienskft.com\/wp-content\/uploads\/2020\/07\/Bronchovit-189x300.jpg 189w, https:\/\/gradienskft.com\/wp-content\/uploads\/2020\/07\/Bronchovit-768x1219.jpg 768w, https:\/\/gradienskft.com\/wp-content\/uploads\/2020\/07\/Bronchovit-645x1024.jpg 645w, https:\/\/gradienskft.com\/wp-content\/uploads\/2020\/07\/Bronchovit-416x660.jpg 416w, https:\/\/gradienskft.com\/wp-content\/uploads\/2020\/07\/Bronchovit.jpg 1303w\" sizes=\"(max-width: 324px) 100vw, 324px\" \/><\/a><br \/>\n\t\t\t\tGy\u00f3gyterm\u00e9k<br \/>\n\t\t\t<a href=\"https:\/\/gradienskft.com\/termek\/bronchovit-kapszula\/\"><\/p>\n<h2>Bronchovit kapszula<\/h2>\n<p><\/a><br \/>\n\t<bdi>1 990&nbsp;&#70;&#116;<\/bdi><br \/>\n<a href=\"?add-to-cart=749\" data-quantity=\"1\" data-product_id=\"749\" data-product_sku=\"\" aria-label=\"&ldquo;Bronchovit kapszula&rdquo; kos\u00e1rba helyez\u00e9se\" rel=\"nofollow\">Kos\u00e1rba teszem<\/a>\n<\/li>\n<li>\n\t\t<a href=\"https:\/\/gradienskft.com\/termek\/carnivit-max-kapszula-az-l-carnitin-a-sziv-vitaminja\/\"><img width=\"324\" height=\"324\" src=\"https:\/\/gradienskft.com\/wp-content\/uploads\/woocommerce-placeholder-324x324.png\" alt=\"Helytart\u00f3\" loading=\"lazy\" srcset=\"https:\/\/gradienskft.com\/wp-content\/uploads\/woocommerce-placeholder-324x324.png 324w, https:\/\/gradienskft.com\/wp-content\/uploads\/woocommerce-placeholder-100x100.png 100w, https:\/\/gradienskft.com\/wp-content\/uploads\/woocommerce-placeholder-416x416.png 416w, https:\/\/gradienskft.com\/wp-content\/uploads\/woocommerce-placeholder-150x150.png 150w, https:\/\/gradienskft.com\/wp-content\/uploads\/woocommerce-placeholder-300x300.png 300w, https:\/\/gradienskft.com\/wp-content\/uploads\/woocommerce-placeholder-768x768.png 768w, https:\/\/gradienskft.com\/wp-content\/uploads\/woocommerce-placeholder-1024x1024.png 1024w, https:\/\/gradienskft.com\/wp-content\/uploads\/woocommerce-placeholder.png 1200w\" sizes=\"(max-width: 324px) 100vw, 324px\" \/><\/a><br \/>\n\t\t\t\tGy\u00f3gyterm\u00e9k<br \/>\n\t\t\t<a href=\"https:\/\/gradienskft.com\/termek\/carnivit-max-kapszula-az-l-carnitin-a-sziv-vitaminja\/\"><\/p>\n<h2>Carnivit Max kapszula AZ L-CARNITIN A SZ\u00cdV VITAMINJA<\/h2>\n<p><\/a><br \/>\n\t<bdi>2 790&nbsp;&#70;&#116;<\/bdi><br \/>\n<a href=\"?add-to-cart=754\" data-quantity=\"1\" data-product_id=\"754\" data-product_sku=\"\" aria-label=\"&ldquo;Carnivit Max kapszula AZ L-CARNITIN A SZ\u00cdV VITAMINJA&rdquo; kos\u00e1rba helyez\u00e9se\" rel=\"nofollow\">Kos\u00e1rba teszem<\/a>\n<\/li>\n<li>\n\t\t<a href=\"https:\/\/gradienskft.com\/termek\/csalan-hajszesz\/\"><img width=\"324\" height=\"324\" src=\"https:\/\/gradienskft.com\/wp-content\/uploads\/woocommerce-placeholder-324x324.png\" alt=\"Helytart\u00f3\" loading=\"lazy\" srcset=\"https:\/\/gradienskft.com\/wp-content\/uploads\/woocommerce-placeholder-324x324.png 324w, https:\/\/gradienskft.com\/wp-content\/uploads\/woocommerce-placeholder-100x100.png 100w, https:\/\/gradienskft.com\/wp-content\/uploads\/woocommerce-placeholder-416x416.png 416w, https:\/\/gradienskft.com\/wp-content\/uploads\/woocommerce-placeholder-150x150.png 150w, https:\/\/gradienskft.com\/wp-content\/uploads\/woocommerce-placeholder-300x300.png 300w, https:\/\/gradienskft.com\/wp-content\/uploads\/woocommerce-placeholder-768x768.png 768w, https:\/\/gradienskft.com\/wp-content\/uploads\/woocommerce-placeholder-1024x1024.png 1024w, https:\/\/gradienskft.com\/wp-content\/uploads\/woocommerce-placeholder.png 1200w\" sizes=\"(max-width: 324px) 100vw, 324px\" \/><\/a><br \/>\n\t\t\t\tKozmetikum<br \/>\n\t\t\t<a href=\"https:\/\/gradienskft.com\/termek\/csalan-hajszesz\/\"><\/p>\n<h2>Csal\u00e1n hajszesz<\/h2>\n<p><\/a><br \/>\n\t<bdi>990&nbsp;&#70;&#116;<\/bdi><br \/>\n<a href=\"?add-to-cart=758\" data-quantity=\"1\" data-product_id=\"758\" data-product_sku=\"\" aria-label=\"&ldquo;Csal\u00e1n hajszesz&rdquo; kos\u00e1rba helyez\u00e9se\" rel=\"nofollow\">Kos\u00e1rba teszem<\/a>\n<\/li>\n<li>\n\t\t<a href=\"https:\/\/gradienskft.com\/termek\/dermofil-arcszesz\/\"><img width=\"324\" height=\"867\" src=\"https:\/\/gradienskft.com\/wp-content\/uploads\/2020\/07\/Dermofil-arcszesz-1-324x867.jpg\" alt=\"\" loading=\"lazy\" srcset=\"https:\/\/gradienskft.com\/wp-content\/uploads\/2020\/07\/Dermofil-arcszesz-1-324x867.jpg 324w, https:\/\/gradienskft.com\/wp-content\/uploads\/2020\/07\/Dermofil-arcszesz-1-112x300.jpg 112w, https:\/\/gradienskft.com\/wp-content\/uploads\/2020\/07\/Dermofil-arcszesz-1-768x2055.jpg 768w, https:\/\/gradienskft.com\/wp-content\/uploads\/2020\/07\/Dermofil-arcszesz-1-383x1024.jpg 383w, https:\/\/gradienskft.com\/wp-content\/uploads\/2020\/07\/Dermofil-arcszesz-1-416x1113.jpg 416w, https:\/\/gradienskft.com\/wp-content\/uploads\/2020\/07\/Dermofil-arcszesz-1.jpg 1620w\" sizes=\"(max-width: 324px) 100vw, 324px\" \/><\/a><br \/>\n\t\t\t\tKozmetikum<br \/>\n\t\t\t<a href=\"https:\/\/gradienskft.com\/termek\/dermofil-arcszesz\/\"><\/p>\n<h2>Dermofil arcszesz<\/h2>\n<p><\/a><br \/>\n\t<bdi>990&nbsp;&#70;&#116;<\/bdi><br \/>\n<a href=\"?add-to-cart=762\" data-quantity=\"1\" data-product_id=\"762\" data-product_sku=\"\" aria-label=\"&ldquo;Dermofil arcszesz&rdquo; kos\u00e1rba helyez\u00e9se\" rel=\"nofollow\">Kos\u00e1rba teszem<\/a>\n<\/li>\n<li>\n\t\t<a href=\"https:\/\/gradienskft.com\/termek\/dermofil-arctisztito-3in1\/\"><img width=\"324\" height=\"535\" src=\"https:\/\/gradienskft.com\/wp-content\/uploads\/2020\/07\/Dermofil-arctiszti\u0301to\u0301-324x535.jpg\" alt=\"\" loading=\"lazy\" srcset=\"https:\/\/gradienskft.com\/wp-content\/uploads\/2020\/07\/Dermofil-arctiszti\u0301to\u0301-324x535.jpg 324w, https:\/\/gradienskft.com\/wp-content\/uploads\/2020\/07\/Dermofil-arctiszti\u0301to\u0301-182x300.jpg 182w, https:\/\/gradienskft.com\/wp-content\/uploads\/2020\/07\/Dermofil-arctiszti\u0301to\u0301-768x1269.jpg 768w, https:\/\/gradienskft.com\/wp-content\/uploads\/2020\/07\/Dermofil-arctiszti\u0301to\u0301-620x1024.jpg 620w, https:\/\/gradienskft.com\/wp-content\/uploads\/2020\/07\/Dermofil-arctiszti\u0301to\u0301-416x687.jpg 416w, https:\/\/gradienskft.com\/wp-content\/uploads\/2020\/07\/Dermofil-arctiszti\u0301to\u0301.jpg 1659w\" sizes=\"(max-width: 324px) 100vw, 324px\" \/><\/a><br \/>\n\t\t\t\tKozmetikum<br \/>\n\t\t\t<a href=\"https:\/\/gradienskft.com\/termek\/dermofil-arctisztito-3in1\/\"><\/p>\n<h2>Dermofil arctiszt\u00edt\u00f3 3in1<\/h2>\n<p><\/a><br \/>\n\t<bdi>1 290&nbsp;&#70;&#116;<\/bdi><br \/>\n<a href=\"?add-to-cart=763\" data-quantity=\"1\" data-product_id=\"763\" data-product_sku=\"\" aria-label=\"&ldquo;Dermofil arctiszt\u00edt\u00f3 3in1&rdquo; kos\u00e1rba helyez\u00e9se\" rel=\"nofollow\">Kos\u00e1rba teszem<\/a>\n<\/li>\n<li>\n\t\t<a href=\"https:\/\/gradienskft.com\/termek\/dermofil-paszta-250ml\/\"><img width=\"324\" height=\"577\" src=\"https:\/\/gradienskft.com\/wp-content\/uploads\/2020\/07\/Dermofil-paszta-324x577.jpg\" alt=\"\" loading=\"lazy\" srcset=\"https:\/\/gradienskft.com\/wp-content\/uploads\/2020\/07\/Dermofil-paszta-324x577.jpg 324w, https:\/\/gradienskft.com\/wp-content\/uploads\/2020\/07\/Dermofil-paszta-169x300.jpg 169w, https:\/\/gradienskft.com\/wp-content\/uploads\/2020\/07\/Dermofil-paszta-768x1367.jpg 768w, https:\/\/gradienskft.com\/wp-content\/uploads\/2020\/07\/Dermofil-paszta-575x1024.jpg 575w, https:\/\/gradienskft.com\/wp-content\/uploads\/2020\/07\/Dermofil-paszta-416x741.jpg 416w, https:\/\/gradienskft.com\/wp-content\/uploads\/2020\/07\/Dermofil-paszta.jpg 1893w\" sizes=\"(max-width: 324px) 100vw, 324px\" \/><\/a><br \/>\n\t\t\t\tKozmetikum<br \/>\n\t\t\t<a href=\"https:\/\/gradienskft.com\/termek\/dermofil-paszta-250ml\/\"><\/p>\n<h2>Dermofil paszta 250ml<\/h2>\n<p><\/a><br \/>\n\t<bdi>1 490&nbsp;&#70;&#116;<\/bdi><br \/>\n<a href=\"?add-to-cart=957\" data-quantity=\"1\" data-product_id=\"957\" data-product_sku=\"\" aria-label=\"&ldquo;Dermofil paszta 250ml&rdquo; kos\u00e1rba helyez\u00e9se\" rel=\"nofollow\">Kos\u00e1rba teszem<\/a>\n<\/li>\n<li>\n\t\t<a href=\"https:\/\/gradienskft.com\/termek\/dermofil-paszta\/\"><img width=\"324\" height=\"577\" src=\"https:\/\/gradienskft.com\/wp-content\/uploads\/2020\/07\/Dermofil-paszta-324x577.jpg\" alt=\"\" loading=\"lazy\" srcset=\"https:\/\/gradienskft.com\/wp-content\/uploads\/2020\/07\/Dermofil-paszta-324x577.jpg 324w, https:\/\/gradienskft.com\/wp-content\/uploads\/2020\/07\/Dermofil-paszta-169x300.jpg 169w, https:\/\/gradienskft.com\/wp-content\/uploads\/2020\/07\/Dermofil-paszta-768x1367.jpg 768w, https:\/\/gradienskft.com\/wp-content\/uploads\/2020\/07\/Dermofil-paszta-575x1024.jpg 575w, https:\/\/gradienskft.com\/wp-content\/uploads\/2020\/07\/Dermofil-paszta-416x741.jpg 416w, https:\/\/gradienskft.com\/wp-content\/uploads\/2020\/07\/Dermofil-paszta.jpg 1893w\" sizes=\"(max-width: 324px) 100vw, 324px\" \/><\/a><br \/>\n\t\t\t\tKozmetikum<br \/>\n\t\t\t<a href=\"https:\/\/gradienskft.com\/termek\/dermofil-paszta\/\"><\/p>\n<h2>Dermofil paszta 75ml<\/h2>\n<p><\/a><br \/>\n\t<bdi>790&nbsp;&#70;&#116;<\/bdi><br \/>\n<a href=\"?add-to-cart=756\" data-quantity=\"1\" data-product_id=\"756\" data-product_sku=\"\" aria-label=\"&ldquo;Dermofil paszta 75ml&rdquo; kos\u00e1rba helyez\u00e9se\" rel=\"nofollow\">Kos\u00e1rba teszem<\/a>\n<\/li>\n<li>\n\t\t<a href=\"https:\/\/gradienskft.com\/termek\/dialoe-duo-kettos-hatasu-gyogynoveny-kapszula\/\"><img width=\"324\" height=\"428\" src=\"https:\/\/gradienskft.com\/wp-content\/uploads\/2020\/07\/Dialoe-Duo-324x428.jpg\" alt=\"\" loading=\"lazy\" srcset=\"https:\/\/gradienskft.com\/wp-content\/uploads\/2020\/07\/Dialoe-Duo-324x428.jpg 324w, https:\/\/gradienskft.com\/wp-content\/uploads\/2020\/07\/Dialoe-Duo-227x300.jpg 227w, https:\/\/gradienskft.com\/wp-content\/uploads\/2020\/07\/Dialoe-Duo-768x1014.jpg 768w, https:\/\/gradienskft.com\/wp-content\/uploads\/2020\/07\/Dialoe-Duo-775x1024.jpg 775w, https:\/\/gradienskft.com\/wp-content\/uploads\/2020\/07\/Dialoe-Duo-416x549.jpg 416w, https:\/\/gradienskft.com\/wp-content\/uploads\/2020\/07\/Dialoe-Duo.jpg 1707w\" sizes=\"(max-width: 324px) 100vw, 324px\" \/><\/a><br \/>\n\t\t\t\t\u00c9trendkieg\u00e9sz\u00edt\u0151<br \/>\n\t\t\t<a href=\"https:\/\/gradienskft.com\/termek\/dialoe-duo-kettos-hatasu-gyogynoveny-kapszula\/\"><\/p>\n<h2>Dialoe Duo &#8211; kett\u0151s hat\u00e1s\u00fa gy\u00f3gyn\u00f6v\u00e9ny kapszula<\/h2>\n<p><\/a><br \/>\n\t<bdi>4 490&nbsp;&#70;&#116;<\/bdi><br \/>\n<a href=\"?add-to-cart=750\" data-quantity=\"1\" data-product_id=\"750\" data-product_sku=\"\" aria-label=\"&ldquo;Dialoe Duo - kett\u0151s hat\u00e1s\u00fa gy\u00f3gyn\u00f6v\u00e9ny kapszula&rdquo; kos\u00e1rba helyez\u00e9se\" rel=\"nofollow\">Kos\u00e1rba teszem<\/a>\n<\/li>\n<li>\n\t\t<a href=\"https:\/\/gradienskft.com\/termek\/eros-ferfi-intimkrem-40-g\/\"><img width=\"324\" height=\"324\" src=\"https:\/\/gradienskft.com\/wp-content\/uploads\/woocommerce-placeholder-324x324.png\" alt=\"Helytart\u00f3\" loading=\"lazy\" srcset=\"https:\/\/gradienskft.com\/wp-content\/uploads\/woocommerce-placeholder-324x324.png 324w, https:\/\/gradienskft.com\/wp-content\/uploads\/woocommerce-placeholder-100x100.png 100w, https:\/\/gradienskft.com\/wp-content\/uploads\/woocommerce-placeholder-416x416.png 416w, https:\/\/gradienskft.com\/wp-content\/uploads\/woocommerce-placeholder-150x150.png 150w, https:\/\/gradienskft.com\/wp-content\/uploads\/woocommerce-placeholder-300x300.png 300w, https:\/\/gradienskft.com\/wp-content\/uploads\/woocommerce-placeholder-768x768.png 768w, https:\/\/gradienskft.com\/wp-content\/uploads\/woocommerce-placeholder-1024x1024.png 1024w, https:\/\/gradienskft.com\/wp-content\/uploads\/woocommerce-placeholder.png 1200w\" sizes=\"(max-width: 324px) 100vw, 324px\" \/><\/a><br \/>\n\t\t\t\tKozmetikum<br \/>\n\t\t\t<a href=\"https:\/\/gradienskft.com\/termek\/eros-ferfi-intimkrem-40-g\/\"><\/p>\n<h2>Eros f\u00e9rfi intimkr\u00e9m 40 g<\/h2>\n<p><\/a><br \/>\n\t<bdi>1 690&nbsp;&#70;&#116;<\/bdi><br \/>\n<a href=\"?add-to-cart=784\" data-quantity=\"1\" data-product_id=\"784\" data-product_sku=\"\" aria-label=\"&ldquo;Eros f\u00e9rfi intimkr\u00e9m 40 g&rdquo; kos\u00e1rba helyez\u00e9se\" rel=\"nofollow\">Kos\u00e1rba teszem<\/a>\n<\/li>\n<li>\n\t\t<a href=\"https:\/\/gradienskft.com\/termek\/fumago-krem-pikkelysomor-ellen\/\"><img width=\"324\" height=\"324\" src=\"https:\/\/gradienskft.com\/wp-content\/uploads\/woocommerce-placeholder-324x324.png\" alt=\"Helytart\u00f3\" loading=\"lazy\" srcset=\"https:\/\/gradienskft.com\/wp-content\/uploads\/woocommerce-placeholder-324x324.png 324w, https:\/\/gradienskft.com\/wp-content\/uploads\/woocommerce-placeholder-100x100.png 100w, https:\/\/gradienskft.com\/wp-content\/uploads\/woocommerce-placeholder-416x416.png 416w, https:\/\/gradienskft.com\/wp-content\/uploads\/woocommerce-placeholder-150x150.png 150w, https:\/\/gradienskft.com\/wp-content\/uploads\/woocommerce-placeholder-300x300.png 300w, https:\/\/gradienskft.com\/wp-content\/uploads\/woocommerce-placeholder-768x768.png 768w, https:\/\/gradienskft.com\/wp-content\/uploads\/woocommerce-placeholder-1024x1024.png 1024w, https:\/\/gradienskft.com\/wp-content\/uploads\/woocommerce-placeholder.png 1200w\" sizes=\"(max-width: 324px) 100vw, 324px\" \/><\/a><br \/>\n\t\t\t\tGy\u00f3gyterm\u00e9k<br \/>\n\t\t\t<a href=\"https:\/\/gradienskft.com\/termek\/fumago-krem-pikkelysomor-ellen\/\"><\/p>\n<h2>Fumago kr\u00e9m (Pikkelys\u00f6m\u00f6r ellen)<\/h2>\n<p><\/a><br \/>\n\t<bdi>1 990&nbsp;&#70;&#116;<\/bdi><br \/>\n<a href=\"?add-to-cart=748\" data-quantity=\"1\" data-product_id=\"748\" data-product_sku=\"\" aria-label=\"&ldquo;Fumago kr\u00e9m (Pikkelys\u00f6m\u00f6r ellen)&rdquo; kos\u00e1rba helyez\u00e9se\" rel=\"nofollow\">Kos\u00e1rba teszem<\/a>\n<\/li>\n<li>\n\t\t<a href=\"https:\/\/gradienskft.com\/termek\/fumago-oldat-pikkelysomor-ellen\/\"><img width=\"324\" height=\"484\" src=\"https:\/\/gradienskft.com\/wp-content\/uploads\/2020\/07\/Fumago-324x484.jpg\" alt=\"\" loading=\"lazy\" srcset=\"https:\/\/gradienskft.com\/wp-content\/uploads\/2020\/07\/Fumago-324x484.jpg 324w, https:\/\/gradienskft.com\/wp-content\/uploads\/2020\/07\/Fumago-201x300.jpg 201w, https:\/\/gradienskft.com\/wp-content\/uploads\/2020\/07\/Fumago-768x1148.jpg 768w, https:\/\/gradienskft.com\/wp-content\/uploads\/2020\/07\/Fumago-685x1024.jpg 685w, https:\/\/gradienskft.com\/wp-content\/uploads\/2020\/07\/Fumago-416x622.jpg 416w, https:\/\/gradienskft.com\/wp-content\/uploads\/2020\/07\/Fumago.jpg 1331w\" sizes=\"(max-width: 324px) 100vw, 324px\" \/><\/a><br \/>\n\t\t\t\tGy\u00f3gyterm\u00e9k<br \/>\n\t\t\t<a href=\"https:\/\/gradienskft.com\/termek\/fumago-oldat-pikkelysomor-ellen\/\"><\/p>\n<h2>Fumago oldat (Pikkelys\u00f6m\u00f6r ellen)<\/h2>\n<p><\/a><br \/>\n\t<bdi>2 290&nbsp;&#70;&#116;<\/bdi><br \/>\n<a href=\"?add-to-cart=757\" data-quantity=\"1\" data-product_id=\"757\" data-product_sku=\"\" aria-label=\"&ldquo;Fumago oldat (Pikkelys\u00f6m\u00f6r ellen)&rdquo; kos\u00e1rba helyez\u00e9se\" rel=\"nofollow\">Kos\u00e1rba teszem<\/a>\n<\/li>\n<li>\n\t\t<a href=\"https:\/\/gradienskft.com\/termek\/fungi-herbal-oldat\/\"><img width=\"324\" height=\"541\" src=\"https:\/\/gradienskft.com\/wp-content\/uploads\/2020\/07\/Fungi-herbal-324x541.jpg\" alt=\"\" loading=\"lazy\" srcset=\"https:\/\/gradienskft.com\/wp-content\/uploads\/2020\/07\/Fungi-herbal-324x541.jpg 324w, https:\/\/gradienskft.com\/wp-content\/uploads\/2020\/07\/Fungi-herbal-180x300.jpg 180w, https:\/\/gradienskft.com\/wp-content\/uploads\/2020\/07\/Fungi-herbal-768x1283.jpg 768w, https:\/\/gradienskft.com\/wp-content\/uploads\/2020\/07\/Fungi-herbal-613x1024.jpg 613w, https:\/\/gradienskft.com\/wp-content\/uploads\/2020\/07\/Fungi-herbal-416x695.jpg 416w, https:\/\/gradienskft.com\/wp-content\/uploads\/2020\/07\/Fungi-herbal.jpg 1195w\" sizes=\"(max-width: 324px) 100vw, 324px\" \/><\/a><br \/>\n\t\t\t\tGy\u00f3gyterm\u00e9k<br \/>\n\t\t\t<a href=\"https:\/\/gradienskft.com\/termek\/fungi-herbal-oldat\/\"><\/p>\n<h2>Fungi herbal oldat<\/h2>\n<p><\/a><br \/>\n\t<bdi>3 290&nbsp;&#70;&#116;<\/bdi><br \/>\n<a href=\"?add-to-cart=765\" data-quantity=\"1\" data-product_id=\"765\" data-product_sku=\"\" aria-label=\"&ldquo;Fungi herbal oldat&rdquo; kos\u00e1rba helyez\u00e9se\" rel=\"nofollow\">Kos\u00e1rba teszem<\/a>\n<\/li>\n<li>\n\t\t<a href=\"https:\/\/gradienskft.com\/termek\/gastrosol-cseppek\/\"><img width=\"324\" height=\"527\" src=\"https:\/\/gradienskft.com\/wp-content\/uploads\/2020\/07\/Gastrosol-324x527.jpg\" alt=\"\" loading=\"lazy\" srcset=\"https:\/\/gradienskft.com\/wp-content\/uploads\/2020\/07\/Gastrosol-324x527.jpg 324w, https:\/\/gradienskft.com\/wp-content\/uploads\/2020\/07\/Gastrosol-184x300.jpg 184w, https:\/\/gradienskft.com\/wp-content\/uploads\/2020\/07\/Gastrosol-768x1250.jpg 768w, https:\/\/gradienskft.com\/wp-content\/uploads\/2020\/07\/Gastrosol-629x1024.jpg 629w, https:\/\/gradienskft.com\/wp-content\/uploads\/2020\/07\/Gastrosol-416x677.jpg 416w, https:\/\/gradienskft.com\/wp-content\/uploads\/2020\/07\/Gastrosol.jpg 1199w\" sizes=\"(max-width: 324px) 100vw, 324px\" \/><\/a><br \/>\n\t\t\t\tGy\u00f3gyterm\u00e9k<br \/>\n\t\t\t<a href=\"https:\/\/gradienskft.com\/termek\/gastrosol-cseppek\/\"><\/p>\n<h2>Gastrosol cseppek<\/h2>\n<p><\/a><br \/>\n\t<bdi>1 990&nbsp;&#70;&#116;<\/bdi><br \/>\n<a href=\"?add-to-cart=752\" data-quantity=\"1\" data-product_id=\"752\" data-product_sku=\"\" aria-label=\"&ldquo;Gastrosol cseppek&rdquo; kos\u00e1rba helyez\u00e9se\" rel=\"nofollow\">Kos\u00e1rba teszem<\/a>\n<\/li>\n<li>\n\t\t<a href=\"https:\/\/gradienskft.com\/termek\/gelenk-balzsam\/\"><img width=\"324\" height=\"324\" src=\"https:\/\/gradienskft.com\/wp-content\/uploads\/woocommerce-placeholder-324x324.png\" alt=\"Helytart\u00f3\" loading=\"lazy\" srcset=\"https:\/\/gradienskft.com\/wp-content\/uploads\/woocommerce-placeholder-324x324.png 324w, https:\/\/gradienskft.com\/wp-content\/uploads\/woocommerce-placeholder-100x100.png 100w, https:\/\/gradienskft.com\/wp-content\/uploads\/woocommerce-placeholder-416x416.png 416w, https:\/\/gradienskft.com\/wp-content\/uploads\/woocommerce-placeholder-150x150.png 150w, https:\/\/gradienskft.com\/wp-content\/uploads\/woocommerce-placeholder-300x300.png 300w, https:\/\/gradienskft.com\/wp-content\/uploads\/woocommerce-placeholder-768x768.png 768w, https:\/\/gradienskft.com\/wp-content\/uploads\/woocommerce-placeholder-1024x1024.png 1024w, https:\/\/gradienskft.com\/wp-content\/uploads\/woocommerce-placeholder.png 1200w\" sizes=\"(max-width: 324px) 100vw, 324px\" \/><\/a><br \/>\n\t\t\t\tGy\u00f3gyterm\u00e9k<br \/>\n\t\t\t<a href=\"https:\/\/gradienskft.com\/termek\/gelenk-balzsam\/\"><\/p>\n<h2>Gelenk balzsam<\/h2>\n<p><\/a><br \/>\n\t<bdi>1 890&nbsp;&#70;&#116;<\/bdi><br \/>\n<a href=\"?add-to-cart=759\" data-quantity=\"1\" data-product_id=\"759\" data-product_sku=\"\" aria-label=\"&ldquo;Gelenk balzsam&rdquo; kos\u00e1rba helyez\u00e9se\" rel=\"nofollow\">Kos\u00e1rba teszem<\/a>\n<\/li>\n<li>\n\t\t<a href=\"https:\/\/gradienskft.com\/termek\/hamamelisz-arcviz-1000-ml\/\"><img width=\"324\" height=\"324\" src=\"https:\/\/gradienskft.com\/wp-content\/uploads\/woocommerce-placeholder-324x324.png\" alt=\"Helytart\u00f3\" loading=\"lazy\" srcset=\"https:\/\/gradienskft.com\/wp-content\/uploads\/woocommerce-placeholder-324x324.png 324w, https:\/\/gradienskft.com\/wp-content\/uploads\/woocommerce-placeholder-100x100.png 100w, https:\/\/gradienskft.com\/wp-content\/uploads\/woocommerce-placeholder-416x416.png 416w, https:\/\/gradienskft.com\/wp-content\/uploads\/woocommerce-placeholder-150x150.png 150w, https:\/\/gradienskft.com\/wp-content\/uploads\/woocommerce-placeholder-300x300.png 300w, https:\/\/gradienskft.com\/wp-content\/uploads\/woocommerce-placeholder-768x768.png 768w, https:\/\/gradienskft.com\/wp-content\/uploads\/woocommerce-placeholder-1024x1024.png 1024w, https:\/\/gradienskft.com\/wp-content\/uploads\/woocommerce-placeholder.png 1200w\" sizes=\"(max-width: 324px) 100vw, 324px\" \/><\/a><br \/>\n\t\t\t\tKozmetikum<br \/>\n\t\t\t<a href=\"https:\/\/gradienskft.com\/termek\/hamamelisz-arcviz-1000-ml\/\"><\/p>\n<h2>Hamamelisz arcv\u00edz 1000 ml<\/h2>\n<p><\/a><br \/>\n\t<bdi>1 990&nbsp;&#70;&#116;<\/bdi><br \/>\n<a href=\"?add-to-cart=786\" data-quantity=\"1\" data-product_id=\"786\" data-product_sku=\"\" aria-label=\"&ldquo;Hamamelisz arcv\u00edz 1000 ml&rdquo; kos\u00e1rba helyez\u00e9se\" rel=\"nofollow\">Kos\u00e1rba teszem<\/a>\n<\/li>\n<li>\n\t\t<a href=\"https:\/\/gradienskft.com\/termek\/hamamelisz-arcviz-200-ml\/\"><img width=\"324\" height=\"324\" src=\"https:\/\/gradienskft.com\/wp-content\/uploads\/woocommerce-placeholder-324x324.png\" alt=\"Helytart\u00f3\" loading=\"lazy\" srcset=\"https:\/\/gradienskft.com\/wp-content\/uploads\/woocommerce-placeholder-324x324.png 324w, https:\/\/gradienskft.com\/wp-content\/uploads\/woocommerce-placeholder-100x100.png 100w, https:\/\/gradienskft.com\/wp-content\/uploads\/woocommerce-placeholder-416x416.png 416w, https:\/\/gradienskft.com\/wp-content\/uploads\/woocommerce-placeholder-150x150.png 150w, https:\/\/gradienskft.com\/wp-content\/uploads\/woocommerce-placeholder-300x300.png 300w, https:\/\/gradienskft.com\/wp-content\/uploads\/woocommerce-placeholder-768x768.png 768w, https:\/\/gradienskft.com\/wp-content\/uploads\/woocommerce-placeholder-1024x1024.png 1024w, https:\/\/gradienskft.com\/wp-content\/uploads\/woocommerce-placeholder.png 1200w\" sizes=\"(max-width: 324px) 100vw, 324px\" \/><\/a><br \/>\n\t\t\t\tKozmetikum<br \/>\n\t\t\t<a href=\"https:\/\/gradienskft.com\/termek\/hamamelisz-arcviz-200-ml\/\"><\/p>\n<h2>Hamamelisz arcv\u00edz 200 ml<\/h2>\n<p><\/a><br \/>\n\t<bdi>890&nbsp;&#70;&#116;<\/bdi><br \/>\n<a href=\"?add-to-cart=785\" data-quantity=\"1\" data-product_id=\"785\" data-product_sku=\"\" aria-label=\"&ldquo;Hamamelisz arcv\u00edz 200 ml&rdquo; kos\u00e1rba helyez\u00e9se\" rel=\"nofollow\">Kos\u00e1rba teszem<\/a>\n<\/li>\n<li>\n\t\t<a href=\"https:\/\/gradienskft.com\/termek\/keve-dermofil-fertotlenito-kis-csomag\/\"><img width=\"324\" height=\"324\" src=\"https:\/\/gradienskft.com\/wp-content\/uploads\/woocommerce-placeholder-324x324.png\" alt=\"Helytart\u00f3\" loading=\"lazy\" srcset=\"https:\/\/gradienskft.com\/wp-content\/uploads\/woocommerce-placeholder-324x324.png 324w, https:\/\/gradienskft.com\/wp-content\/uploads\/woocommerce-placeholder-100x100.png 100w, https:\/\/gradienskft.com\/wp-content\/uploads\/woocommerce-placeholder-416x416.png 416w, https:\/\/gradienskft.com\/wp-content\/uploads\/woocommerce-placeholder-150x150.png 150w, https:\/\/gradienskft.com\/wp-content\/uploads\/woocommerce-placeholder-300x300.png 300w, https:\/\/gradienskft.com\/wp-content\/uploads\/woocommerce-placeholder-768x768.png 768w, https:\/\/gradienskft.com\/wp-content\/uploads\/woocommerce-placeholder-1024x1024.png 1024w, https:\/\/gradienskft.com\/wp-content\/uploads\/woocommerce-placeholder.png 1200w\" sizes=\"(max-width: 324px) 100vw, 324px\" \/><\/a><br \/>\n\t\t\t\tAkci\u00f3<br \/>\n\t\t\t<a href=\"https:\/\/gradienskft.com\/termek\/keve-dermofil-fertotlenito-kis-csomag\/\"><\/p>\n<h2>Keve Dermofil fert\u0151tlen\u00edt\u0151 &#8211; kis csomag<\/h2>\n<p><\/a><br \/>\n\t<bdi>2 990&nbsp;&#70;&#116;<\/bdi><br \/>\n<a href=\"?add-to-cart=939\" data-quantity=\"1\" data-product_id=\"939\" data-product_sku=\"\" aria-label=\"&ldquo;Keve Dermofil fert\u0151tlen\u00edt\u0151 - kis csomag&rdquo; kos\u00e1rba helyez\u00e9se\" rel=\"nofollow\">Kos\u00e1rba teszem<\/a>\n<\/li>\n<li>\n\t\t<a href=\"https:\/\/gradienskft.com\/termek\/keve-dermofil-fertotlenito-nagy-csomag\/\"><img width=\"324\" height=\"324\" src=\"https:\/\/gradienskft.com\/wp-content\/uploads\/woocommerce-placeholder-324x324.png\" alt=\"Helytart\u00f3\" loading=\"lazy\" srcset=\"https:\/\/gradienskft.com\/wp-content\/uploads\/woocommerce-placeholder-324x324.png 324w, https:\/\/gradienskft.com\/wp-content\/uploads\/woocommerce-placeholder-100x100.png 100w, https:\/\/gradienskft.com\/wp-content\/uploads\/woocommerce-placeholder-416x416.png 416w, https:\/\/gradienskft.com\/wp-content\/uploads\/woocommerce-placeholder-150x150.png 150w, https:\/\/gradienskft.com\/wp-content\/uploads\/woocommerce-placeholder-300x300.png 300w, https:\/\/gradienskft.com\/wp-content\/uploads\/woocommerce-placeholder-768x768.png 768w, https:\/\/gradienskft.com\/wp-content\/uploads\/woocommerce-placeholder-1024x1024.png 1024w, https:\/\/gradienskft.com\/wp-content\/uploads\/woocommerce-placeholder.png 1200w\" sizes=\"(max-width: 324px) 100vw, 324px\" \/><\/a><br \/>\n\t\t\t\tAkci\u00f3<br \/>\n\t\t\t<a href=\"https:\/\/gradienskft.com\/termek\/keve-dermofil-fertotlenito-nagy-csomag\/\"><\/p>\n<h2>Keve Dermofil fert\u0151tlen\u00edt\u0151 &#8211; nagy csomag<\/h2>\n<p><\/a><br \/>\n\t<bdi>5 990&nbsp;&#70;&#116;<\/bdi><br \/>\n<a href=\"?add-to-cart=940\" data-quantity=\"1\" data-product_id=\"940\" data-product_sku=\"\" aria-label=\"&ldquo;Keve Dermofil fert\u0151tlen\u00edt\u0151 - nagy csomag&rdquo; kos\u00e1rba helyez\u00e9se\" rel=\"nofollow\">Kos\u00e1rba teszem<\/a>\n<\/li>\n<li>\n\t\t<a href=\"https:\/\/gradienskft.com\/termek\/dermofil-kezfertotlenito\/\"><img width=\"324\" height=\"441\" src=\"https:\/\/gradienskft.hu\/wp-content\/uploads\/2020\/09\/KEVE_kezfertotlenito_100ml-324x441.jpg\" alt=\"\" loading=\"lazy\" srcset=\"https:\/\/gradienskft.hu\/wp-content\/uploads\/2020\/09\/KEVE_kezfertotlenito_100ml-324x441.jpg 324w, https:\/\/gradienskft.com\/wp-content\/uploads\/2020\/09\/KEVE_kezfertotlenito_100ml-221x300.jpg 221w, https:\/\/gradienskft.com\/wp-content\/uploads\/2020\/09\/KEVE_kezfertotlenito_100ml-416x566.jpg 416w, https:\/\/gradienskft.com\/wp-content\/uploads\/2020\/09\/KEVE_kezfertotlenito_100ml.jpg 735w\" sizes=\"(max-width: 324px) 100vw, 324px\" \/><\/a><br \/>\n\t\t\t\tFert\u0151tlen\u00edt\u0151k<br \/>\n\t\t\t<a href=\"https:\/\/gradienskft.com\/termek\/dermofil-kezfertotlenito\/\"><\/p>\n<h2>Keve Dermofil k\u00e9zfert\u0151tlen\u00edt\u0151 g\u00e9l 70 % alk. tartalommal 100ml<\/h2>\n<p><\/a><br \/>\n\t<bdi>590&nbsp;&#70;&#116;<\/bdi><br \/>\n<a href=\"?add-to-cart=902\" data-quantity=\"1\" data-product_id=\"902\" data-product_sku=\"\" aria-label=\"&ldquo;Keve Dermofil k\u00e9zfert\u0151tlen\u00edt\u0151 g\u00e9l 70 % alk. tartalommal 100ml&rdquo; kos\u00e1rba helyez\u00e9se\" rel=\"nofollow\">Kos\u00e1rba teszem<\/a>\n<\/li>\n<li>\n\t\t<a href=\"https:\/\/gradienskft.com\/termek\/keve-dermofil-kezfertotlenito-gel-70-alk-tartalommal-masolat\/\"><img width=\"324\" height=\"479\" src=\"https:\/\/gradienskft.hu\/wp-content\/uploads\/2020\/09\/KEVE_kezfertotlenito_spray_100ml-324x479.jpg\" alt=\"\" loading=\"lazy\" srcset=\"https:\/\/gradienskft.hu\/wp-content\/uploads\/2020\/09\/KEVE_kezfertotlenito_spray_100ml-324x479.jpg 324w, https:\/\/gradienskft.com\/wp-content\/uploads\/2020\/09\/KEVE_kezfertotlenito_spray_100ml-203x300.jpg 203w, https:\/\/gradienskft.com\/wp-content\/uploads\/2020\/09\/KEVE_kezfertotlenito_spray_100ml-416x615.jpg 416w, https:\/\/gradienskft.com\/wp-content\/uploads\/2020\/09\/KEVE_kezfertotlenito_spray_100ml.jpg 676w\" sizes=\"(max-width: 324px) 100vw, 324px\" \/><\/a><br \/>\n\t\t\t\tFert\u0151tlen\u00edt\u0151k<br \/>\n\t\t\t<a href=\"https:\/\/gradienskft.com\/termek\/keve-dermofil-kezfertotlenito-gel-70-alk-tartalommal-masolat\/\"><\/p>\n<h2>Keve Dermofil k\u00e9zfert\u0151tlen\u00edt\u0151 g\u00e9l 70 % alk. tartalommal 100ml<\/h2>\n<p><\/a><br \/>\n\t<bdi>690&nbsp;&#70;&#116;<\/bdi><br \/>\n<a href=\"?add-to-cart=935\" data-quantity=\"1\" data-product_id=\"935\" data-product_sku=\"\" aria-label=\"&ldquo;Keve Dermofil k\u00e9zfert\u0151tlen\u00edt\u0151 g\u00e9l 70 % alk. tartalommal 100ml&rdquo; kos\u00e1rba helyez\u00e9se\" rel=\"nofollow\">Kos\u00e1rba teszem<\/a>\n<\/li>\n<li>\n\t\t<a href=\"https:\/\/gradienskft.com\/termek\/keve-dermofil-kezfertotlenito-gel-70-alk-tartalommal\/\"><img width=\"324\" height=\"484\" src=\"https:\/\/gradienskft.hu\/wp-content\/uploads\/2020\/09\/KEVE_kezfertotlenito_200ml-324x484.jpg\" alt=\"\" loading=\"lazy\" srcset=\"https:\/\/gradienskft.hu\/wp-content\/uploads\/2020\/09\/KEVE_kezfertotlenito_200ml-324x484.jpg 324w, https:\/\/gradienskft.com\/wp-content\/uploads\/2020\/09\/KEVE_kezfertotlenito_200ml-201x300.jpg 201w, https:\/\/gradienskft.com\/wp-content\/uploads\/2020\/09\/KEVE_kezfertotlenito_200ml-416x621.jpg 416w, https:\/\/gradienskft.com\/wp-content\/uploads\/2020\/09\/KEVE_kezfertotlenito_200ml.jpg 670w\" sizes=\"(max-width: 324px) 100vw, 324px\" \/><\/a><br \/>\n\t\t\t\tFert\u0151tlen\u00edt\u0151k<br \/>\n\t\t\t<a href=\"https:\/\/gradienskft.com\/termek\/keve-dermofil-kezfertotlenito-gel-70-alk-tartalommal\/\"><\/p>\n<h2>Keve Dermofil k\u00e9zfert\u0151tlen\u00edt\u0151 g\u00e9l 70 % alk. tartalommal 200ml<\/h2>\n<p><\/a><br \/>\n\t<bdi>990&nbsp;&#70;&#116;<\/bdi><br \/>\n<a href=\"?add-to-cart=936\" data-quantity=\"1\" data-product_id=\"936\" data-product_sku=\"\" aria-label=\"&ldquo;Keve Dermofil k\u00e9zfert\u0151tlen\u00edt\u0151 g\u00e9l 70 % alk. tartalommal 200ml&rdquo; kos\u00e1rba helyez\u00e9se\" rel=\"nofollow\">Kos\u00e1rba teszem<\/a>\n<\/li>\n<li>\n\t\t<a href=\"https:\/\/gradienskft.com\/termek\/keve-dermofil-kezfertotlenito-gel-70-alk-tartalommal-2\/\"><img width=\"324\" height=\"555\" src=\"https:\/\/gradienskft.hu\/wp-content\/uploads\/2020\/09\/Keve_Dermofil_kezfertotlenito_500ml-324x555.jpg\" alt=\"\" loading=\"lazy\" srcset=\"https:\/\/gradienskft.hu\/wp-content\/uploads\/2020\/09\/Keve_Dermofil_kezfertotlenito_500ml-324x555.jpg 324w, https:\/\/gradienskft.com\/wp-content\/uploads\/2020\/09\/Keve_Dermofil_kezfertotlenito_500ml-175x300.jpg 175w, https:\/\/gradienskft.com\/wp-content\/uploads\/2020\/09\/Keve_Dermofil_kezfertotlenito_500ml-416x712.jpg 416w, https:\/\/gradienskft.com\/wp-content\/uploads\/2020\/09\/Keve_Dermofil_kezfertotlenito_500ml.jpg 584w\" sizes=\"(max-width: 324px) 100vw, 324px\" \/><\/a><br \/>\n\t\t\t\tFert\u0151tlen\u00edt\u0151k<br \/>\n\t\t\t<a href=\"https:\/\/gradienskft.com\/termek\/keve-dermofil-kezfertotlenito-gel-70-alk-tartalommal-2\/\"><\/p>\n<h2>Keve Dermofil k\u00e9zfert\u0151tlen\u00edt\u0151 g\u00e9l 70 % alk. tartalommal 500ml<\/h2>\n<p><\/a><br \/>\n\t<bdi>1 790&nbsp;&#70;&#116;<\/bdi><br \/>\n<a href=\"?add-to-cart=937\" data-quantity=\"1\" data-product_id=\"937\" data-product_sku=\"\" aria-label=\"&ldquo;Keve Dermofil k\u00e9zfert\u0151tlen\u00edt\u0151 g\u00e9l 70 % alk. tartalommal 500ml&rdquo; kos\u00e1rba helyez\u00e9se\" rel=\"nofollow\">Kos\u00e1rba teszem<\/a>\n<\/li>\n<li>\n\t\t<a href=\"https:\/\/gradienskft.com\/termek\/keve-feluletfertotlenito\/\"><img width=\"324\" height=\"400\" src=\"https:\/\/gradienskft.hu\/wp-content\/uploads\/2020\/09\/KEVE_feluletfertotlenito_spray_500ML_2_1-324x400.jpg\" alt=\"\" loading=\"lazy\" srcset=\"https:\/\/gradienskft.hu\/wp-content\/uploads\/2020\/09\/KEVE_feluletfertotlenito_spray_500ML_2_1-324x400.jpg 324w, https:\/\/gradienskft.com\/wp-content\/uploads\/2020\/09\/KEVE_feluletfertotlenito_spray_500ML_2_1-243x300.jpg 243w, https:\/\/gradienskft.com\/wp-content\/uploads\/2020\/09\/KEVE_feluletfertotlenito_spray_500ML_2_1-768x947.jpg 768w, https:\/\/gradienskft.com\/wp-content\/uploads\/2020\/09\/KEVE_feluletfertotlenito_spray_500ML_2_1-416x513.jpg 416w, https:\/\/gradienskft.com\/wp-content\/uploads\/2020\/09\/KEVE_feluletfertotlenito_spray_500ML_2_1.jpg 811w\" sizes=\"(max-width: 324px) 100vw, 324px\" \/><\/a><br \/>\n\t\t\t\tFert\u0151tlen\u00edt\u0151k<br \/>\n\t\t\t<a href=\"https:\/\/gradienskft.com\/termek\/keve-feluletfertotlenito\/\"><\/p>\n<h2>Keve Fel\u00fcletfert\u0151tlen\u00edt\u0151 70 % alk. tartalommal 500ml<\/h2>\n<p><\/a><br \/>\n\t<bdi>1 290&nbsp;&#70;&#116;<\/bdi><br \/>\n<a href=\"?add-to-cart=916\" data-quantity=\"1\" data-product_id=\"916\" data-product_sku=\"\" aria-label=\"&ldquo;Keve Fel\u00fcletfert\u0151tlen\u00edt\u0151 70 % alk. tartalommal 500ml&rdquo; kos\u00e1rba helyez\u00e9se\" rel=\"nofollow\">Kos\u00e1rba teszem<\/a>\n<\/li>\n<li>\n\t\t<a href=\"https:\/\/gradienskft.com\/termek\/klimovit-kapszula\/\"><img width=\"324\" height=\"558\" src=\"https:\/\/gradienskft.com\/wp-content\/uploads\/2020\/07\/Klimovit-1-324x558.jpg\" alt=\"\" loading=\"lazy\" srcset=\"https:\/\/gradienskft.com\/wp-content\/uploads\/2020\/07\/Klimovit-1-324x558.jpg 324w, https:\/\/gradienskft.com\/wp-content\/uploads\/2020\/07\/Klimovit-1-174x300.jpg 174w, https:\/\/gradienskft.com\/wp-content\/uploads\/2020\/07\/Klimovit-1-768x1324.jpg 768w, https:\/\/gradienskft.com\/wp-content\/uploads\/2020\/07\/Klimovit-1-594x1024.jpg 594w, https:\/\/gradienskft.com\/wp-content\/uploads\/2020\/07\/Klimovit-1-416x717.jpg 416w, https:\/\/gradienskft.com\/wp-content\/uploads\/2020\/07\/Klimovit-1.jpg 1229w\" sizes=\"(max-width: 324px) 100vw, 324px\" \/><\/a><br \/>\n\t\t\t\tGy\u00f3gyterm\u00e9k<br \/>\n\t\t\t<a href=\"https:\/\/gradienskft.com\/termek\/klimovit-kapszula\/\"><\/p>\n<h2>Klimovit kapszula<\/h2>\n<p><\/a><br \/>\n\t<bdi>2 290&nbsp;&#70;&#116;<\/bdi><br \/>\n<a href=\"?add-to-cart=751\" data-quantity=\"1\" data-product_id=\"751\" data-product_sku=\"\" aria-label=\"&ldquo;Klimovit kapszula&rdquo; kos\u00e1rba helyez\u00e9se\" rel=\"nofollow\">Kos\u00e1rba teszem<\/a>\n<\/li>\n<li>\n\t\t<a href=\"https:\/\/gradienskft.com\/termek\/koromvirag-krem-250ml-ringerblumen-salbe\/\"><img width=\"324\" height=\"324\" src=\"https:\/\/gradienskft.com\/wp-content\/uploads\/woocommerce-placeholder-324x324.png\" alt=\"Helytart\u00f3\" loading=\"lazy\" srcset=\"https:\/\/gradienskft.com\/wp-content\/uploads\/woocommerce-placeholder-324x324.png 324w, https:\/\/gradienskft.com\/wp-content\/uploads\/woocommerce-placeholder-100x100.png 100w, https:\/\/gradienskft.com\/wp-content\/uploads\/woocommerce-placeholder-416x416.png 416w, https:\/\/gradienskft.com\/wp-content\/uploads\/woocommerce-placeholder-150x150.png 150w, https:\/\/gradienskft.com\/wp-content\/uploads\/woocommerce-placeholder-300x300.png 300w, https:\/\/gradienskft.com\/wp-content\/uploads\/woocommerce-placeholder-768x768.png 768w, https:\/\/gradienskft.com\/wp-content\/uploads\/woocommerce-placeholder-1024x1024.png 1024w, https:\/\/gradienskft.com\/wp-content\/uploads\/woocommerce-placeholder.png 1200w\" sizes=\"(max-width: 324px) 100vw, 324px\" \/><\/a><br \/>\n\t\t\t\tKozmetikum<br \/>\n\t\t\t<a href=\"https:\/\/gradienskft.com\/termek\/koromvirag-krem-250ml-ringerblumen-salbe\/\"><\/p>\n<h2>K\u00f6r\u00f6mvir\u00e1g kr\u00e9m 250ml   (Ringerblumen Salbe)<\/h2>\n<p><\/a><br \/>\n\t<bdi>1 490&nbsp;&#70;&#116;<\/bdi><br \/>\n<a href=\"?add-to-cart=956\" data-quantity=\"1\" data-product_id=\"956\" data-product_sku=\"\" aria-label=\"&ldquo;K\u00f6r\u00f6mvir\u00e1g kr\u00e9m 250ml   (Ringerblumen Salbe)&rdquo; kos\u00e1rba helyez\u00e9se\" rel=\"nofollow\">Kos\u00e1rba teszem<\/a>\n<\/li>\n<li>\n\t\t<a href=\"https:\/\/gradienskft.com\/termek\/koromvirag-krem-ringerblumen-salbe\/\"><img width=\"324\" height=\"324\" src=\"https:\/\/gradienskft.com\/wp-content\/uploads\/woocommerce-placeholder-324x324.png\" alt=\"Helytart\u00f3\" loading=\"lazy\" srcset=\"https:\/\/gradienskft.com\/wp-content\/uploads\/woocommerce-placeholder-324x324.png 324w, https:\/\/gradienskft.com\/wp-content\/uploads\/woocommerce-placeholder-100x100.png 100w, https:\/\/gradienskft.com\/wp-content\/uploads\/woocommerce-placeholder-416x416.png 416w, https:\/\/gradienskft.com\/wp-content\/uploads\/woocommerce-placeholder-150x150.png 150w, https:\/\/gradienskft.com\/wp-content\/uploads\/woocommerce-placeholder-300x300.png 300w, https:\/\/gradienskft.com\/wp-content\/uploads\/woocommerce-placeholder-768x768.png 768w, https:\/\/gradienskft.com\/wp-content\/uploads\/woocommerce-placeholder-1024x1024.png 1024w, https:\/\/gradienskft.com\/wp-content\/uploads\/woocommerce-placeholder.png 1200w\" sizes=\"(max-width: 324px) 100vw, 324px\" \/><\/a><br \/>\n\t\t\t\tKozmetikum<br \/>\n\t\t\t<a href=\"https:\/\/gradienskft.com\/termek\/koromvirag-krem-ringerblumen-salbe\/\"><\/p>\n<h2>K\u00f6r\u00f6mvir\u00e1g kr\u00e9m 75ml (Ringerblumen Salbe)<\/h2>\n<p><\/a><br \/>\n\t<bdi>890&nbsp;&#70;&#116;<\/bdi><br \/>\n<a href=\"?add-to-cart=746\" data-quantity=\"1\" data-product_id=\"746\" data-product_sku=\"\" aria-label=\"&ldquo;K\u00f6r\u00f6mvir\u00e1g kr\u00e9m 75ml (Ringerblumen Salbe)&rdquo; kos\u00e1rba helyez\u00e9se\" rel=\"nofollow\">Kos\u00e1rba teszem<\/a>\n<\/li>\n<li>\n\t\t<a href=\"https:\/\/gradienskft.com\/termek\/labbalzsam\/\"><img width=\"324\" height=\"324\" src=\"https:\/\/gradienskft.com\/wp-content\/uploads\/woocommerce-placeholder-324x324.png\" alt=\"Helytart\u00f3\" loading=\"lazy\" srcset=\"https:\/\/gradienskft.com\/wp-content\/uploads\/woocommerce-placeholder-324x324.png 324w, https:\/\/gradienskft.com\/wp-content\/uploads\/woocommerce-placeholder-100x100.png 100w, https:\/\/gradienskft.com\/wp-content\/uploads\/woocommerce-placeholder-416x416.png 416w, https:\/\/gradienskft.com\/wp-content\/uploads\/woocommerce-placeholder-150x150.png 150w, https:\/\/gradienskft.com\/wp-content\/uploads\/woocommerce-placeholder-300x300.png 300w, https:\/\/gradienskft.com\/wp-content\/uploads\/woocommerce-placeholder-768x768.png 768w, https:\/\/gradienskft.com\/wp-content\/uploads\/woocommerce-placeholder-1024x1024.png 1024w, https:\/\/gradienskft.com\/wp-content\/uploads\/woocommerce-placeholder.png 1200w\" sizes=\"(max-width: 324px) 100vw, 324px\" \/><\/a><br \/>\n\t\t\t\tKozmetikum<br \/>\n\t\t\t<a href=\"https:\/\/gradienskft.com\/termek\/labbalzsam\/\"><\/p>\n<h2>L\u00e1bbalzsam  250ml<\/h2>\n<p><\/a><br \/>\n\t<bdi>1 490&nbsp;&#70;&#116;<\/bdi><br \/>\n<a href=\"?add-to-cart=747\" data-quantity=\"1\" data-product_id=\"747\" data-product_sku=\"\" aria-label=\"&ldquo;L\u00e1bbalzsam  250ml&rdquo; kos\u00e1rba helyez\u00e9se\" rel=\"nofollow\">Kos\u00e1rba teszem<\/a>\n<\/li>\n<li>\n\t\t<a href=\"https:\/\/gradienskft.com\/termek\/peposzec-kapszula\/\"><img width=\"324\" height=\"324\" src=\"https:\/\/gradienskft.com\/wp-content\/uploads\/woocommerce-placeholder-324x324.png\" alt=\"Helytart\u00f3\" loading=\"lazy\" srcset=\"https:\/\/gradienskft.com\/wp-content\/uploads\/woocommerce-placeholder-324x324.png 324w, https:\/\/gradienskft.com\/wp-content\/uploads\/woocommerce-placeholder-100x100.png 100w, https:\/\/gradienskft.com\/wp-content\/uploads\/woocommerce-placeholder-416x416.png 416w, https:\/\/gradienskft.com\/wp-content\/uploads\/woocommerce-placeholder-150x150.png 150w, https:\/\/gradienskft.com\/wp-content\/uploads\/woocommerce-placeholder-300x300.png 300w, https:\/\/gradienskft.com\/wp-content\/uploads\/woocommerce-placeholder-768x768.png 768w, https:\/\/gradienskft.com\/wp-content\/uploads\/woocommerce-placeholder-1024x1024.png 1024w, https:\/\/gradienskft.com\/wp-content\/uploads\/woocommerce-placeholder.png 1200w\" sizes=\"(max-width: 324px) 100vw, 324px\" \/><\/a><br \/>\n\t\t\t\tGy\u00f3gyterm\u00e9k<br \/>\n\t\t\t<a href=\"https:\/\/gradienskft.com\/termek\/peposzec-kapszula\/\"><\/p>\n<h2>Peposzec kapszula<\/h2>\n<p><\/a><br \/>\n\t<bdi>2 790&nbsp;&#70;&#116;<\/bdi><br \/>\n<a href=\"?add-to-cart=753\" data-quantity=\"1\" data-product_id=\"753\" data-product_sku=\"\" aria-label=\"&ldquo;Peposzec kapszula&rdquo; kos\u00e1rba helyez\u00e9se\" rel=\"nofollow\">Kos\u00e1rba teszem<\/a>\n<\/li>\n<li>\n\t\t<a href=\"https:\/\/gradienskft.com\/termek\/shibu-kapszula\/\"><img width=\"324\" height=\"324\" src=\"https:\/\/gradienskft.com\/wp-content\/uploads\/woocommerce-placeholder-324x324.png\" alt=\"Helytart\u00f3\" loading=\"lazy\" srcset=\"https:\/\/gradienskft.com\/wp-content\/uploads\/woocommerce-placeholder-324x324.png 324w, https:\/\/gradienskft.com\/wp-content\/uploads\/woocommerce-placeholder-100x100.png 100w, https:\/\/gradienskft.com\/wp-content\/uploads\/woocommerce-placeholder-416x416.png 416w, https:\/\/gradienskft.com\/wp-content\/uploads\/woocommerce-placeholder-150x150.png 150w, https:\/\/gradienskft.com\/wp-content\/uploads\/woocommerce-placeholder-300x300.png 300w, https:\/\/gradienskft.com\/wp-content\/uploads\/woocommerce-placeholder-768x768.png 768w, https:\/\/gradienskft.com\/wp-content\/uploads\/woocommerce-placeholder-1024x1024.png 1024w, https:\/\/gradienskft.com\/wp-content\/uploads\/woocommerce-placeholder.png 1200w\" sizes=\"(max-width: 324px) 100vw, 324px\" \/><\/a><br \/>\n\t\t\t\tGy\u00f3gyterm\u00e9k<br \/>\n\t\t\t<a href=\"https:\/\/gradienskft.com\/termek\/shibu-kapszula\/\"><\/p>\n<h2>Shibu kapszula<\/h2>\n<p><\/a><br \/>\n\t<bdi>4 790&nbsp;&#70;&#116;<\/bdi><br \/>\n<a href=\"?add-to-cart=755\" data-quantity=\"1\" data-product_id=\"755\" data-product_sku=\"\" aria-label=\"&ldquo;Shibu kapszula&rdquo; kos\u00e1rba helyez\u00e9se\" rel=\"nofollow\">Kos\u00e1rba teszem<\/a>\n<\/li>\n<\/ul>\n","protected":false},"excerpt":{"rendered":"<p>What type of product do I need? Medical products Food supplements Cosmetic products CBD Cosmetics Disinfectants Gy\u00f3gyterm\u00e9k Acne herbal oldat 1 290&nbsp;&#70;&#116; Kos\u00e1rba teszem Gy\u00f3gyterm\u00e9k Bronchovit kapszula 1 990&nbsp;&#70;&#116; Kos\u00e1rba teszem Gy\u00f3gyterm\u00e9k Carnivit Max kapszula AZ L-CARNITIN A SZ\u00cdV VITAMINJA 2 790&nbsp;&#70;&#116; Kos\u00e1rba teszem Kozmetikum Csal\u00e1n hajszesz 990&nbsp;&#70;&#116; Kos\u00e1rba teszem Kozmetikum Dermofil arcszesz 990&nbsp;&#70;&#116; Kos\u00e1rba [&hellip;]<\/p>\n","protected":false},"author":1,"featured_media":0,"parent":0,"menu_order":0,"comment_status":"closed","ping_status":"closed","template":"elementor_header_footer","meta":[],"_links":{"self":[{"href":"https:\/\/gradienskft.hu\/en\/wp-json\/wp\/v2\/pages\/1493"}],"collection":[{"href":"https:\/\/gradienskft.hu\/en\/wp-json\/wp\/v2\/pages"}],"about":[{"href":"https:\/\/gradienskft.hu\/en\/wp-json\/wp\/v2\/types\/page"}],"author":[{"embeddable":true,"href":"https:\/\/gradienskft.hu\/en\/wp-json\/wp\/v2\/users\/1"}],"replies":[{"embeddable":true,"href":"https:\/\/gradienskft.hu\/en\/wp-json\/wp\/v2\/comments?post=1493"}],"version-history":[{"count":3,"href":"https:\/\/gradienskft.hu\/en\/wp-json\/wp\/v2\/pages\/1493\/revisions"}],"predecessor-version":[{"id":1556,"href":"https:\/\/gradienskft.hu\/en\/wp-json\/wp\/v2\/pages\/1493\/revisions\/1556"}],"wp:attachment":[{"href":"https:\/\/gradienskft.hu\/en\/wp-json\/wp\/v2\/media?parent=1493"}],"curies":[{"name":"wp","href":"https:\/\/api.w.org\/{rel}","templated":true}]}}